{"id":460,"date":"2025-12-12T11:02:06","date_gmt":"2025-12-12T10:02:06","guid":{"rendered":"https:\/\/relaunch.obs-westerstede.de\/?page_id=460"},"modified":"2025-12-12T12:51:20","modified_gmt":"2025-12-12T11:51:20","slug":"ausbildungsforum","status":"publish","type":"page","link":"https:\/\/relaunch.obs-westerstede.de\/index.php\/ausbildungsforum\/","title":{"rendered":"Ausbildungsforum"},"content":{"rendered":"<p>[et_pb_section fb_built=&#8221;1&#8243; _builder_version=&#8221;4.27.4&#8243; _module_preset=&#8221;default&#8221; global_colors_info=&#8221;{}&#8221; theme_builder_area=&#8221;post_content&#8221;][et_pb_row _builder_version=&#8221;4.27.4&#8243; _module_preset=&#8221;default&#8221; global_colors_info=&#8221;{}&#8221; theme_builder_area=&#8221;post_content&#8221;][et_pb_column type=&#8221;4_4&#8243; _builder_version=&#8221;4.27.4&#8243; _module_preset=&#8221;default&#8221; global_colors_info=&#8221;{}&#8221; theme_builder_area=&#8221;post_content&#8221;][et_pb_heading title=&#8221;Ausbildungsforum&#8221; _builder_version=&#8221;4.27.4&#8243; _module_preset=&#8221;default&#8221; global_colors_info=&#8221;{}&#8221; theme_builder_area=&#8221;post_content&#8221;][\/et_pb_heading][\/et_pb_column][\/et_pb_row][et_pb_row _builder_version=&#8221;4.27.4&#8243; _module_preset=&#8221;default&#8221; global_colors_info=&#8221;{}&#8221; theme_builder_area=&#8221;post_content&#8221;][et_pb_column type=&#8221;4_4&#8243; _builder_version=&#8221;4.27.4&#8243; _module_preset=&#8221;default&#8221; global_colors_info=&#8221;{}&#8221; theme_builder_area=&#8221;post_content&#8221;][et_pb_image src=&#8221;data:image\/svg+xml;base64,PHN2ZyB3aWR0aD0iMTA4MCIgaGVpZ2h0PSI1NDAiIHZpZXdCb3g9IjAgMCAxMDgwIDU0MCIgeG1sbnM9Imh0dHA6Ly93d3cudzMub3JnLzIwMDAvc3ZnIj4KICAgIDxnIGZpbGw9Im5vbmUiIGZpbGwtcnVsZT0iZXZlbm9kZCI+CiAgICAgICAgPHBhdGggZmlsbD0iI0VCRUJFQiIgZD0iTTAgMGgxMDgwdjU0MEgweiIvPgogICAgICAgIDxwYXRoIGQ9Ik00NDUuNjQ5IDU0MGgtOTguOTk1TDE0NC42NDkgMzM3Ljk5NSAwIDQ4Mi42NDR2LTk4Ljk5NWwxMTYuMzY1LTExNi4zNjVjMTUuNjItMTUuNjIgNDAuOTQ3LTE1LjYyIDU2LjU2OCAwTDQ0NS42NSA1NDB6IiBmaWxsLW9wYWNpdHk9Ii4xIiBmaWxsPSIjMDAwIiBmaWxsLXJ1bGU9Im5vbnplcm8iLz4KICAgICAgICA8Y2lyY2xlIGZpbGwtb3BhY2l0eT0iLjA1IiBmaWxsPSIjMDAwIiBjeD0iMzMxIiBjeT0iMTQ4IiByPSI3MCIvPgogICAgICAgIDxwYXRoIGQ9Ik0xMDgwIDM3OXYxMTMuMTM3TDcyOC4xNjIgMTQwLjMgMzI4LjQ2MiA1NDBIMjE1LjMyNEw2OTkuODc4IDU1LjQ0NmMxNS42Mi0xNS42MiA0MC45NDgtMTUuNjIgNTYuNTY4IDBMMTA4MCAzNzl6IiBmaWxsLW9wYWNpdHk9Ii4yIiBmaWxsPSIjMDAwIiBmaWxsLXJ1bGU9Im5vbnplcm8iLz4KICAgIDwvZz4KPC9zdmc+Cg==&#8221; _builder_version=&#8221;4.27.4&#8243; _module_preset=&#8221;default&#8221; global_colors_info=&#8221;{}&#8221; theme_builder_area=&#8221;post_content&#8221;][\/et_pb_image][\/et_pb_column][\/et_pb_row][et_pb_row _builder_version=&#8221;4.27.4&#8243; _module_preset=&#8221;default&#8221; global_colors_info=&#8221;{}&#8221; theme_builder_area=&#8221;post_content&#8221;][et_pb_column type=&#8221;4_4&#8243; _builder_version=&#8221;4.27.4&#8243; _module_preset=&#8221;default&#8221; global_colors_info=&#8221;{}&#8221; theme_builder_area=&#8221;post_content&#8221;][et_pb_heading title=&#8221;Termin&#8221; _builder_version=&#8221;4.27.4&#8243; _module_preset=&#8221;default&#8221; global_colors_info=&#8221;{}&#8221; theme_builder_area=&#8221;post_content&#8221;][\/et_pb_heading][\/et_pb_column][\/et_pb_row][et_pb_row _builder_version=&#8221;4.27.4&#8243; _module_preset=&#8221;default&#8221; global_colors_info=&#8221;{}&#8221; theme_builder_area=&#8221;post_content&#8221;][et_pb_column type=&#8221;4_4&#8243; _builder_version=&#8221;4.27.4&#8243; _module_preset=&#8221;default&#8221; global_colors_info=&#8221;{}&#8221; theme_builder_area=&#8221;post_content&#8221;][et_pb_text _builder_version=&#8221;4.27.4&#8243; _module_preset=&#8221;default&#8221; global_colors_info=&#8221;{}&#8221; theme_builder_area=&#8221;post_content&#8221;]<\/p>\n<table border=\"0\" style=\"height: 48px; width: 100%; border-collapse: collapse; border-style: hidden;\">\n<tbody>\n<tr style=\"height: 24px;\">\n<td style=\"width: 8.33335%; height: 24px;\"><strong>Datum:<\/strong><\/td>\n<td style=\"width: 8.33335%; height: 24px;\"><strong>25.09.2026<\/strong><\/td>\n<td style=\"width: 16.6667%; height: 24px;\"><\/td>\n<td style=\"width: 16.6667%; height: 24px;\"><\/td>\n<td style=\"width: 16.6667%; height: 24px;\"><\/td>\n<td style=\"width: 16.6667%; height: 24px;\"><\/td>\n<td style=\"width: 16.6667%; height: 24px;\"><\/td>\n<\/tr>\n<tr style=\"height: 24px;\">\n<td style=\"width: 8.33335%; height: 24px;\"><strong>Ort:<\/strong><\/td>\n<td style=\"width: 8.33335%; height: 24px;\" colspan=\"3\"><strong>Forum der Oberschule Westerstede<\/strong><\/td>\n<td style=\"width: 16.6667%; height: 24px;\"><\/td>\n<td style=\"width: 16.6667%; height: 24px;\"><\/td>\n<td style=\"width: 16.6667%; height: 24px;\"><\/td>\n<\/tr>\n<\/tbody>\n<\/table>\n<p>[\/et_pb_text][\/et_pb_column][\/et_pb_row][et_pb_row _builder_version=&#8221;4.27.4&#8243; _module_preset=&#8221;default&#8221; global_colors_info=&#8221;{}&#8221; theme_builder_area=&#8221;post_content&#8221;][et_pb_column type=&#8221;4_4&#8243; _builder_version=&#8221;4.27.4&#8243; _module_preset=&#8221;default&#8221; global_colors_info=&#8221;{}&#8221; theme_builder_area=&#8221;post_content&#8221;][et_pb_heading title=&#8221;Anmeldung&#8221; _builder_version=&#8221;4.27.4&#8243; _module_preset=&#8221;default&#8221; global_colors_info=&#8221;{}&#8221; theme_builder_area=&#8221;post_content&#8221;][\/et_pb_heading][\/et_pb_column][\/et_pb_row][et_pb_row _builder_version=&#8221;4.27.4&#8243; _module_preset=&#8221;default&#8221; global_colors_info=&#8221;{}&#8221; theme_builder_area=&#8221;post_content&#8221;][et_pb_column type=&#8221;4_4&#8243; _builder_version=&#8221;4.27.4&#8243; _module_preset=&#8221;default&#8221; global_colors_info=&#8221;{}&#8221; theme_builder_area=&#8221;post_content&#8221;][et_pb_text _builder_version=&#8221;4.27.4&#8243; _module_preset=&#8221;default&#8221; global_colors_info=&#8221;{}&#8221; theme_builder_area=&#8221;post_content&#8221;]<\/p>\n<p><span style=\"font-size: 17px;\">F\u00fcr eine <\/span><strong style=\"font-size: 17px;\">verbindliche Anmeldung<\/strong><span style=\"font-size: 17px;\"> senden Sie bitte bis zum<strong> 29.0.2026<\/strong> das Anmeldeformular als E-Mail-Anhang an:<\/span><\/p>\n<p style=\"text-align: center;\"><span style=\"font-size: 17px;\"><a href=\"mailto:ausbildungsforum@obs-wst.de\">ausbildungsforum@obs-wst.de<\/a><\/span><\/p>\n<p>[\/et_pb_text][\/et_pb_column][\/et_pb_row][et_pb_row _builder_version=&#8221;4.27.4&#8243; _module_preset=&#8221;default&#8221; global_colors_info=&#8221;{}&#8221; theme_builder_area=&#8221;post_content&#8221;][et_pb_column type=&#8221;4_4&#8243; _builder_version=&#8221;4.27.4&#8243; _module_preset=&#8221;default&#8221; global_colors_info=&#8221;{}&#8221; theme_builder_area=&#8221;post_content&#8221;][et_pb_heading title=&#8221;Download des Anmeldeformulars&#8221; _builder_version=&#8221;4.27.4&#8243; _module_preset=&#8221;default&#8221; global_colors_info=&#8221;{}&#8221; theme_builder_area=&#8221;post_content&#8221;][\/et_pb_heading][\/et_pb_column][\/et_pb_row][et_pb_row _builder_version=&#8221;4.27.4&#8243; _module_preset=&#8221;default&#8221; global_colors_info=&#8221;{}&#8221; theme_builder_area=&#8221;post_content&#8221;][et_pb_column type=&#8221;4_4&#8243; _builder_version=&#8221;4.27.4&#8243; _module_preset=&#8221;default&#8221; global_colors_info=&#8221;{}&#8221; theme_builder_area=&#8221;post_content&#8221;][et_pb_button button_text=&#8221;Download: Anmeldeformular (in PDF-Format) %91Bitte nicht im Browser ausf\u00fcllen%93&#8243; module_class=&#8221;direkt.download&#8221; _builder_version=&#8221;4.27.4&#8243; _module_preset=&#8221;default&#8221; custom_button=&#8221;on&#8221; button_text_color=&#8221;#0C71C3&#8243; button_border_width=&#8221;0px&#8221; global_colors_info=&#8221;{}&#8221; theme_builder_area=&#8221;post_content&#8221;][\/et_pb_button][\/et_pb_column][\/et_pb_row][et_pb_row _builder_version=&#8221;4.27.4&#8243; _module_preset=&#8221;default&#8221; global_colors_info=&#8221;{}&#8221; theme_builder_area=&#8221;post_content&#8221;][et_pb_column type=&#8221;4_4&#8243; _builder_version=&#8221;4.27.4&#8243; _module_preset=&#8221;default&#8221; global_colors_info=&#8221;{}&#8221; theme_builder_area=&#8221;post_content&#8221;][et_pb_heading title=&#8221;Im Einzelnen sollen an diesem Tage&#8221; _builder_version=&#8221;4.27.4&#8243; _module_preset=&#8221;default&#8221; global_colors_info=&#8221;{}&#8221; theme_builder_area=&#8221;post_content&#8221;][\/et_pb_heading][\/et_pb_column][\/et_pb_row][et_pb_row _builder_version=&#8221;4.27.4&#8243; _module_preset=&#8221;default&#8221; global_colors_info=&#8221;{}&#8221; theme_builder_area=&#8221;post_content&#8221;][et_pb_column type=&#8221;4_4&#8243; _builder_version=&#8221;4.27.4&#8243; _module_preset=&#8221;default&#8221; global_colors_info=&#8221;{}&#8221; theme_builder_area=&#8221;post_content&#8221;][et_pb_text _builder_version=&#8221;4.27.4&#8243; _module_preset=&#8221;default&#8221; global_colors_info=&#8221;{}&#8221; theme_builder_area=&#8221;post_content&#8221;]<\/p>\n<ul>\n<li>Auszubildende der Betriebe \u00fcber ihre Erfahrungen in der Ausbildung berichten<\/li>\n<li>Ausbildungsleiter\/Betriebsinhaber erste Bewerbungsgespr\u00e4che mit den Sch\u00fclern der OBS f\u00fchren<\/li>\n<li>weiterf\u00fchrende Schulen und schulische Ausbildungsstellen Informationen \u00fcber verschiedene schulische und berufliche M\u00f6glichkeiten darstellen<\/li>\n<li>Beratungsm\u00f6glichkeiten durch \u00fcberregionale Ausbildungsstellen und der Berufsberatung angeboten werden<\/li>\n<li>die Teilnehmer einen Einblick in die Besonderheiten der Berufsorientierung unserer Schule erhalten<\/li>\n<\/ul>\n<p>[\/et_pb_text][\/et_pb_column][\/et_pb_row][et_pb_row _builder_version=&#8221;4.27.4&#8243; _module_preset=&#8221;default&#8221; global_colors_info=&#8221;{}&#8221; theme_builder_area=&#8221;post_content&#8221;][et_pb_column type=&#8221;4_4&#8243; _builder_version=&#8221;4.27.4&#8243; _module_preset=&#8221;default&#8221; global_colors_info=&#8221;{}&#8221; theme_builder_area=&#8221;post_content&#8221;][et_pb_heading title=&#8221;Ablauf der Veranstaltung&#8221; _builder_version=&#8221;4.27.4&#8243; _module_preset=&#8221;default&#8221; global_colors_info=&#8221;{}&#8221; theme_builder_area=&#8221;post_content&#8221;][\/et_pb_heading][\/et_pb_column][\/et_pb_row][et_pb_row _builder_version=&#8221;4.27.4&#8243; _module_preset=&#8221;default&#8221; global_colors_info=&#8221;{}&#8221; theme_builder_area=&#8221;post_content&#8221;][et_pb_column type=&#8221;4_4&#8243; _builder_version=&#8221;4.27.4&#8243; _module_preset=&#8221;default&#8221; global_colors_info=&#8221;{}&#8221; theme_builder_area=&#8221;post_content&#8221;][et_pb_text _builder_version=&#8221;4.27.4&#8243; _module_preset=&#8221;default&#8221; global_colors_info=&#8221;{}&#8221; theme_builder_area=&#8221;post_content&#8221;]<\/p>\n<p style=\"text-align: justify;\">Die Sch\u00fcler der OBS erhalten Informationen \u00fcber die teilnehmenden Betriebe und Institutionen und deren Ausbildungsangebote. Weiterhin werden unsere Sch\u00fcler vom Unterricht freigestellt, um sich vor Ort individuell \u00fcber die Angebote der einzelnen Teilnehmer zu informieren. Uns ist wichtig, dass zu diesem Zweck Auszubildende der Betriebe zur Verf\u00fcgung stehen. Die Erfahrungen zeigen, dass die Hemmschwelle der Sch\u00fcler geringer ist, wenn ein Gespr\u00e4ch auf \u201egleicher Augenh\u00f6he\u201c stattfindet.<\/p>\n<p style=\"text-align: justify;\">Im Ausbildungscaf\u00e9 k\u00f6nnen Sie sich w\u00e4hrend der Veranstaltung st\u00e4rken oder zu einem ruhigen Gespr\u00e4ch bei einer Tasse Kaffee zur\u00fcckziehen.<\/p>\n<p>[\/et_pb_text][\/et_pb_column][\/et_pb_row][et_pb_row _builder_version=&#8221;4.27.4&#8243; _module_preset=&#8221;default&#8221; global_colors_info=&#8221;{}&#8221; theme_builder_area=&#8221;post_content&#8221;][et_pb_column type=&#8221;4_4&#8243; _builder_version=&#8221;4.27.4&#8243; _module_preset=&#8221;default&#8221; global_colors_info=&#8221;{}&#8221; theme_builder_area=&#8221;post_content&#8221;][et_pb_heading title=&#8221;Zeitlicher Ablauf&#8221; _builder_version=&#8221;4.27.4&#8243; _module_preset=&#8221;default&#8221; global_colors_info=&#8221;{}&#8221; theme_builder_area=&#8221;post_content&#8221;][\/et_pb_heading][\/et_pb_column][\/et_pb_row][et_pb_row _builder_version=&#8221;4.27.4&#8243; _module_preset=&#8221;default&#8221; width=&#8221;94.2%&#8221; custom_padding=&#8221;0px|||||&#8221; global_colors_info=&#8221;{}&#8221; theme_builder_area=&#8221;post_content&#8221;][et_pb_column type=&#8221;4_4&#8243; _builder_version=&#8221;4.27.4&#8243; _module_preset=&#8221;default&#8221; global_colors_info=&#8221;{}&#8221; theme_builder_area=&#8221;post_content&#8221;][et_pb_text _builder_version=&#8221;4.27.4&#8243; _module_preset=&#8221;default&#8221; custom_margin=&#8221;|91px||3px||&#8221; border_color_all=&#8221;#FFFFFF&#8221; global_colors_info=&#8221;{}&#8221; theme_builder_area=&#8221;post_content&#8221;]<\/p>\n<table border=\"2\" style=\"height: 410px; width: 70.0098%; border-collapse: collapse; border-style: solid; border-color: mmmmmm;\" height=\"194\">\n<tbody>\n<tr style=\"height: 24px;\">\n<td style=\"width: 33.3333%; height: 60px; background-color: #d8d9dc; text-align: center;\"><strong>Zeit<\/strong><\/td>\n<td style=\"width: 66.195%; height: 60px; background-color: #d8d9dc; text-align: center;\"><strong>Veranstaltung<\/strong><\/td>\n<\/tr>\n<tr style=\"height: 24px;\">\n<td style=\"width: 33.3333%; height: 60px; background-color: #d8d9dc; text-align: center;\">07:00 &#8211; 08:00 Uhr<\/td>\n<td style=\"width: 66.195%; height: 60px; background-color: #bbdafc; text-align: center;\"><strong>Aufbau<\/strong><\/td>\n<\/tr>\n<tr style=\"height: 24px;\">\n<td style=\"width: 33.3333%; height: 60px; background-color: #d8d9dc; text-align: center;\">08:00 &#8211; 08:15 Uhr<\/td>\n<td style=\"width: 66.195%; height: 60px; background-color: #bbdafc; text-align: center;\"><strong>Begr\u00fc\u00dfung<\/strong><\/td>\n<\/tr>\n<tr style=\"height: 24px;\">\n<td style=\"width: 33.3333%; height: 60px; background-color: #d8d9dc; text-align: center;\">08:15 &#8211; 10:00 Uhr<\/td>\n<td style=\"width: 66.195%; height: 60px; background-color: #a3b1dc; text-align: center;\">\n<p><strong>Veranstaltungszeit f\u00fcr die 9. Klassen, Teil 1<\/strong><\/p>\n<p>(Sch\u00fcler f\u00fchren Bewerbungsgespr\u00e4che und informieren sich \u00fcber Ausbildungsm\u00f6glichkeiten)<\/p>\n<\/td>\n<\/tr>\n<tr style=\"height: 24px;\">\n<td style=\"width: 33.3333%; height: 60px; background-color: #d8d9dc; text-align: center;\">10:00 &#8211; 11:45 Uhr<\/td>\n<td style=\"width: 66.195%; height: 60px; background-color: #8ba4db; text-align: center;\">\n<p><strong>Pause<\/strong><\/p>\n<p>(Kl\u00f6nschnack im Ausbildungscaf\u00e9)<\/p>\n<\/td>\n<\/tr>\n<tr style=\"height: 24px;\">\n<td style=\"width: 33.3333%; height: 50px; background-color: #d8d9dc; text-align: center;\">10:45 &#8211; 13:10 Uhr<\/td>\n<td style=\"width: 66.195%; height: 50px; background-color: #7092db; text-align: center;\">\n<p><strong>Veranstaltungszeit f\u00fcr die 10. Klassen, Teil 2<\/strong><\/p>\n<p>(Sch\u00fcler f\u00fchren Bewerbungsgespr\u00e4che und informieren sich \u00fcber Ausbildungsm\u00f6glichkeiten)<\/p>\n<\/td>\n<\/tr>\n<tr style=\"height: 24px;\">\n<td style=\"width: 33.3333%; height: 60px; background-color: #d8d9dc; text-align: center;\">ab 13:00 Uhr<\/td>\n<td style=\"width: 66.195%; height: 60px; background-color: #bbdafc; text-align: center;\"><strong>R\u00fcckbau<\/strong><\/td>\n<\/tr>\n<\/tbody>\n<\/table>\n<p>[\/et_pb_text][\/et_pb_column][\/et_pb_row][\/et_pb_section]<\/p>\n","protected":false},"excerpt":{"rendered":"<p>Datum: 25.09.2026 Ort: Forum der Oberschule Westerstede F\u00fcr eine verbindliche Anmeldung senden Sie bitte bis zum 29.0.2026 das Anmeldeformular als E-Mail-Anhang an: ausbildungsforum@obs-wst.de Auszubildende der Betriebe \u00fcber ihre Erfahrungen in der Ausbildung berichten Ausbildungsleiter\/Betriebsinhaber erste Bewerbungsgespr\u00e4che mit den Sch\u00fclern der OBS f\u00fchren weiterf\u00fchrende Schulen und schulische Ausbildungsstellen Informationen \u00fcber verschiedene schulische und berufliche M\u00f6glichkeiten darstellen [&hellip;]<\/p>\n","protected":false},"author":3,"featured_media":0,"parent":0,"menu_order":0,"comment_status":"closed","ping_status":"closed","template":"","meta":{"_et_pb_use_builder":"on","_et_pb_old_content":"","_et_gb_content_width":"","footnotes":""},"class_list":["post-460","page","type-page","status-publish","hentry"],"_links":{"self":[{"href":"https:\/\/relaunch.obs-westerstede.de\/index.php\/wp-json\/wp\/v2\/pages\/460","targetHints":{"allow":["GET"]}}],"collection":[{"href":"https:\/\/relaunch.obs-westerstede.de\/index.php\/wp-json\/wp\/v2\/pages"}],"about":[{"href":"https:\/\/relaunch.obs-westerstede.de\/index.php\/wp-json\/wp\/v2\/types\/page"}],"author":[{"embeddable":true,"href":"https:\/\/relaunch.obs-westerstede.de\/index.php\/wp-json\/wp\/v2\/users\/3"}],"replies":[{"embeddable":true,"href":"https:\/\/relaunch.obs-westerstede.de\/index.php\/wp-json\/wp\/v2\/comments?post=460"}],"version-history":[{"count":32,"href":"https:\/\/relaunch.obs-westerstede.de\/index.php\/wp-json\/wp\/v2\/pages\/460\/revisions"}],"predecessor-version":[{"id":505,"href":"https:\/\/relaunch.obs-westerstede.de\/index.php\/wp-json\/wp\/v2\/pages\/460\/revisions\/505"}],"wp:attachment":[{"href":"https:\/\/relaunch.obs-westerstede.de\/index.php\/wp-json\/wp\/v2\/media?parent=460"}],"curies":[{"name":"wp","href":"https:\/\/api.w.org\/{rel}","templated":true}]}}