{"id":54,"date":"2025-11-19T17:36:46","date_gmt":"2025-11-19T16:36:46","guid":{"rendered":"https:\/\/relaunch.obs-westerstede.de\/?page_id=54"},"modified":"2025-12-10T12:02:19","modified_gmt":"2025-12-10T11:02:19","slug":"waldjugendspiele-2025","status":"publish","type":"page","link":"https:\/\/relaunch.obs-westerstede.de\/index.php\/waldjugendspiele-2025\/","title":{"rendered":"Waldjugendspiele 2025"},"content":{"rendered":"[et_pb_section fb_built=&#8221;1&#8243; admin_label=&#8221;section&#8221; _builder_version=&#8221;4.16&#8243; global_colors_info=&#8221;{}&#8221; theme_builder_area=&#8221;post_content&#8221;][et_pb_row _builder_version=&#8221;4.27.4&#8243; _module_preset=&#8221;default&#8221; global_colors_info=&#8221;{}&#8221; theme_builder_area=&#8221;post_content&#8221;][et_pb_column type=&#8221;4_4&#8243; _builder_version=&#8221;4.27.4&#8243; _module_preset=&#8221;default&#8221; global_colors_info=&#8221;{}&#8221; theme_builder_area=&#8221;post_content&#8221;][et_pb_heading title=&#8221;Walderlebnistag der 5. Klassen&#8221; _builder_version=&#8221;4.27.4&#8243; _module_preset=&#8221;default&#8221; global_colors_info=&#8221;{}&#8221; theme_builder_area=&#8221;post_content&#8221;][\/et_pb_heading][\/et_pb_column][\/et_pb_row][et_pb_row column_structure=&#8221;1_2,1_2&#8243; _builder_version=&#8221;4.27.4&#8243; _module_preset=&#8221;default&#8221; global_colors_info=&#8221;{}&#8221; theme_builder_area=&#8221;post_content&#8221;][et_pb_column type=&#8221;1_2&#8243; _builder_version=&#8221;4.27.4&#8243; _module_preset=&#8221;default&#8221; global_colors_info=&#8221;{}&#8221; theme_builder_area=&#8221;post_content&#8221;][et_pb_blurb title=&#8221;Wie hoch ist ein Baum im Wald?&#8221; use_icon=&#8221;on&#8221; _builder_version=&#8221;4.27.4&#8243; _module_preset=&#8221;default&#8221; header_level=&#8221;h3&#8243; global_colors_info=&#8221;{}&#8221; theme_builder_area=&#8221;post_content&#8221;]<p class=\"has-text-align-left\" style=\"text-align: justify;\">Am Mittwoch, den 04.10.23, erarbeiten sich die Sch\u00fclerinnen und Sch\u00fcler in Kleingruppen von 3- 5 Teilnehmern in Form eines Stationen Laufes unterschiedliche Aufgaben aus dem Themenkomplex Wald \/ MINT. Jeder Gruppe wird ein\/e Paten\/Patin aus der 10. JGS zur Seite gestellt. Auch viele Stationen werden von SuS der Klasse 10 betreut.<br \/>So werden verschiedene Funktionen des Waldes erarbeitet, Tierspuren erkundet, und Federn untersucht.<br \/>Ganz pragmatisch wird es bei den Waldarbeitern, die \u00fcber die Arbeit im Wald informieren und zeigen, wie leicht man die H\u00f6he eines Baumes bestimmen kann.<\/p>[\/et_pb_blurb][\/et_pb_column][et_pb_column type=&#8221;1_2&#8243; _builder_version=&#8221;4.27.4&#8243; _module_preset=&#8221;default&#8221; global_colors_info=&#8221;{}&#8221; theme_builder_area=&#8221;post_content&#8221;][et_pb_image src=&#8221;https:\/\/relaunch.obs-westerstede.de\/wp-content\/uploads\/2025\/11\/MG_0232k-scaled.jpg&#8221; title_text=&#8221;_MG_0232k&#8221; _builder_version=&#8221;4.27.4&#8243; _module_preset=&#8221;default&#8221; width=&#8221;100%&#8221; custom_margin=&#8221;50px||||false|false&#8221; border_radii=&#8221;on|10px|10px|10px|10px&#8221; box_shadow_style=&#8221;preset2&#8243; global_colors_info=&#8221;{}&#8221; theme_builder_area=&#8221;post_content&#8221;][\/et_pb_image][\/et_pb_column][\/et_pb_row][et_pb_row column_structure=&#8221;2_3,1_3&#8243; _builder_version=&#8221;4.27.4&#8243; _module_preset=&#8221;default&#8221; global_colors_info=&#8221;{}&#8221; theme_builder_area=&#8221;post_content&#8221;][et_pb_column type=&#8221;2_3&#8243; _builder_version=&#8221;4.27.4&#8243; _module_preset=&#8221;default&#8221; global_colors_info=&#8221;{}&#8221; theme_builder_area=&#8221;post_content&#8221;][et_pb_image src=&#8221;https:\/\/relaunch.obs-westerstede.de\/wp-content\/uploads\/2025\/11\/MG_0228k-scaled.jpg&#8221; title_text=&#8221;_MG_0228k&#8221; _builder_version=&#8221;4.27.4&#8243; _module_preset=&#8221;default&#8221; width=&#8221;100%&#8221; custom_margin=&#8221;40px||||false|false&#8221; hover_enabled=&#8221;0&#8243; border_radii=&#8221;on|5px|5px|5px|5px&#8221; global_colors_info=&#8221;{}&#8221; theme_builder_area=&#8221;post_content&#8221; box_shadow_style=&#8221;preset2&#8243; sticky_enabled=&#8221;0&#8243;][\/et_pb_image][\/et_pb_column][et_pb_column type=&#8221;1_3&#8243; _builder_version=&#8221;4.27.4&#8243; _module_preset=&#8221;default&#8221; global_colors_info=&#8221;{}&#8221; theme_builder_area=&#8221;post_content&#8221;][et_pb_image src=&#8221;https:\/\/relaunch.obs-westerstede.de\/wp-content\/uploads\/2025\/11\/IMG_2998k-1-scaled-1-edited.jpg&#8221; title_text=&#8221;IMG_2998k-1-scaled.jpg&#8221; _builder_version=&#8221;4.27.4&#8243; _module_preset=&#8221;default&#8221; hover_enabled=&#8221;0&#8243; border_radii=&#8221;on|5px|5px|5px|5px&#8221; global_colors_info=&#8221;{}&#8221; theme_builder_area=&#8221;post_content&#8221; box_shadow_style=&#8221;preset2&#8243; sticky_enabled=&#8221;0&#8243;][\/et_pb_image][\/et_pb_column][\/et_pb_row][et_pb_row _builder_version=&#8221;4.27.4&#8243; _module_preset=&#8221;default&#8221; global_colors_info=&#8221;{}&#8221; theme_builder_area=&#8221;post_content&#8221;][et_pb_column type=&#8221;4_4&#8243; _builder_version=&#8221;4.27.4&#8243; _module_preset=&#8221;default&#8221; global_colors_info=&#8221;{}&#8221; theme_builder_area=&#8221;post_content&#8221;][et_pb_text _builder_version=&#8221;4.27.4&#8243; _module_preset=&#8221;default&#8221; global_colors_info=&#8221;{}&#8221; theme_builder_area=&#8221;post_content&#8221;]<p class=\"has-text-align-left\" style=\"text-align: justify;\">Der Ursprung des Themas Nachhaltigkeit liegt im Wald. Und so wird mit Waldp\u00e4dagogin Anette Haupt-Koch \u00fcber Fragen zur Nachhaltigkeit, Umwelt- und Naturschutz nachgedacht.<br \/>Auch der Begriff WaldChillen erh\u00e4lt hier eine Bedeutung. Hier k\u00f6nnen die Sch\u00fclerinnen und Sch\u00fcler den Wald liegend entdecken.<br \/>Am Ende des Waldtages gab es auch Gewinner: Die Klasse 5A5 hatte sich die meisten Punkte erarbeitet und konnte den Siegerpokal in Empfang nehmen.<\/p>\n<p style=\"text-align: right;\">Sandra Schmidt<\/p>[\/et_pb_text][\/et_pb_column][\/et_pb_row][et_pb_row _builder_version=&#8221;4.27.4&#8243; _module_preset=&#8221;default&#8221; global_colors_info=&#8221;{}&#8221; theme_builder_area=&#8221;post_content&#8221;][et_pb_column type=&#8221;4_4&#8243; _builder_version=&#8221;4.27.4&#8243; _module_preset=&#8221;default&#8221; global_colors_info=&#8221;{}&#8221; theme_builder_area=&#8221;post_content&#8221;][et_pb_gallery gallery_ids=&#8221;123,122,102,100,99,65,63,64,62,59,56,58&#8243; gallery_orderby=&#8221;rand&#8221; posts_number=&#8221;32&#8243; show_title_and_caption=&#8221;off&#8221; _builder_version=&#8221;4.27.4&#8243; _module_preset=&#8221;default&#8221; custom_margin=&#8221;||0px|0px|false|false&#8221; custom_padding=&#8221;0px|0px|0px||false|false&#8221; hover_enabled=&#8221;0&#8243; border_radii_image=&#8221;on|7px|7px|7px|7px&#8221; box_shadow_style_image=&#8221;preset2&#8243; box_shadow_horizontal_image=&#8221;7px&#8221; global_colors_info=&#8221;{}&#8221; theme_builder_area=&#8221;post_content&#8221; sticky_enabled=&#8221;0&#8243; hover_icon=&#8221;&#x30;||divi||400&#8243;][\/et_pb_gallery][\/et_pb_column][\/et_pb_row][et_pb_row _builder_version=&#8221;4.27.4&#8243; _module_preset=&#8221;default&#8221; global_colors_info=&#8221;{}&#8221; theme_builder_area=&#8221;post_content&#8221;][et_pb_column type=&#8221;4_4&#8243; _builder_version=&#8221;4.27.4&#8243; _module_preset=&#8221;default&#8221; global_colors_info=&#8221;{}&#8221; theme_builder_area=&#8221;post_content&#8221;][et_pb_heading _builder_version=&#8221;4.27.4&#8243; _module_preset=&#8221;default&#8221; global_colors_info=&#8221;{}&#8221; theme_builder_area=&#8221;post_content&#8221;][\/et_pb_heading][et_pb_blurb use_icon=&#8221;on&#8221; content_max_width=&#8221;908px&#8221; _builder_version=&#8221;4.27.4&#8243; _module_preset=&#8221;default&#8221; global_colors_info=&#8221;{}&#8221; theme_builder_area=&#8221;post_content&#8221;][\/et_pb_blurb][\/et_pb_column][\/et_pb_row][\/et_pb_section]","protected":false},"excerpt":{"rendered":"<p>Am Mittwoch, den 04.10.23, erarbeiten sich die Sch\u00fclerinnen und Sch\u00fcler in Kleingruppen von 3- 5 Teilnehmern in Form eines Stationen Laufes unterschiedliche Aufgaben aus dem Themenkomplex Wald \/ MINT. Jeder Gruppe wird ein\/e Paten\/Patin aus der 10. JGS zur Seite gestellt. Auch viele Stationen werden von SuS der Klasse 10 betreut.So werden verschiedene Funktionen des [&hellip;]<\/p>\n","protected":false},"author":3,"featured_media":0,"parent":0,"menu_order":0,"comment_status":"closed","ping_status":"closed","template":"","meta":{"_et_pb_use_builder":"on","_et_pb_old_content":"<!-- wp:paragraph {\"align\":\"left\"} -->\n<p class=\"has-text-align-left\">Die Waldjugendspiele der OBS Westerstede sind eine seit langem tradierte Veranstaltung f\u00fcr die 5. Jahrgangsstufe im Wittenheimer Forst in Westerstede, die in diesem Jahr federf\u00fchrend von den nieders\u00e4chsischen Landesforsten unter der Leitung von Imke Reiners organisiert wird.<\/p>\n<!-- \/wp:paragraph -->\n\n<!-- wp:cover {\"url\":\"http:\/\/relaunch.obs-westerstede.de\/wp-content\/uploads\/2025\/11\/MG_0232k-1024x683.jpg\",\"id\":65,\"dimRatio\":50,\"style\":{\"color\":[]}} -->\n<div class=\"wp-block-cover\"><img class=\"wp-block-cover__image-background wp-image-65\" alt=\"\" src=\"http:\/\/relaunch.obs-westerstede.de\/wp-content\/uploads\/2025\/11\/MG_0232k-1024x683.jpg\" data-object-fit=\"cover\"\/><span aria-hidden=\"true\" class=\"wp-block-cover__background has-background-dim\"><\/span><div class=\"wp-block-cover__inner-container\"><!-- wp:paragraph {\"align\":\"center\",\"fontSize\":\"large\"} -->\n<p class=\"has-text-align-center has-large-font-size\"><strong>Wie hoch ist ein Baum im Wald?<\/strong><\/p>\n<!-- \/wp:paragraph --><\/div><\/div>\n<!-- \/wp:cover -->\n\n<!-- wp:paragraph {\"align\":\"left\"} -->\n<p class=\"has-text-align-left\"><br>Am Mittwoch, den 04.10.23, erarbeiten sich die Sch\u00fclerinnen und Sch\u00fcler in Kleingruppen von 3- 5 Teilnehmern in Form eines Stationen Laufes unterschiedliche Aufgaben aus dem Themenkomplex Wald \/ MINT. Jeder Gruppe wird ein\/e Paten\/Patin aus der 10. JGS zur Seite gestellt. Auch viele Stationen werden von SuS der Klasse 10 betreut.<br>So werden verschiedene Funktionen des Waldes erarbeitet, Tierspuren erkundet, und Federn untersucht.<br>Ganz pragmatisch wird es bei den Waldarbeitern, die \u00fcber die Arbeit im Wald informieren und zeigen, wie leicht man die H\u00f6he eines Baumes bestimmen kann.<\/p>\n<!-- \/wp:paragraph -->\n\n<!-- wp:paragraph {\"align\":\"left\"} -->\n<p class=\"has-text-align-left\"><br>Der Ursprung des Themas Nachhaltigkeit liegt im Wald. Und so wird mit Waldp\u00e4dagogin Anette Haupt-Koch \u00fcber Fragen zur Nachhaltigkeit, Umwelt- und Naturschutz nachgedacht.<br>Auch der Begriff WaldChillen erh\u00e4lt hier eine Bedeutung. Hier k\u00f6nnen die Sch\u00fclerinnen und Sch\u00fcler den Wald liegend entdecken.<br>Am Ende des Waldtages gab es auch Gewinner: Die Klasse 5A5 hatte sich die meisten Punkte erarbeitet und konnte den Siegerpokal in Empfang nehmen.<\/p>\n<!-- \/wp:paragraph -->\n\n<!-- wp:paragraph -->\n<p><br>Sandra Schmidt<\/p>\n<!-- \/wp:paragraph -->\n\n<!-- wp:gallery {\"linkTo\":\"none\"} -->\n<figure class=\"wp-block-gallery has-nested-images columns-default is-cropped\"><!-- wp:image {\"id\":55,\"sizeSlug\":\"large\",\"linkDestination\":\"none\"} -->\n<figure class=\"wp-block-image size-large\"><img src=\"https:\/\/relaunch.obs-westerstede.de\/wp-content\/uploads\/2025\/11\/MG_0221k-1024x683.jpg\" alt=\"\" class=\"wp-image-55\"\/><\/figure>\n<!-- \/wp:image -->\n\n<!-- wp:image {\"id\":60,\"sizeSlug\":\"large\",\"linkDestination\":\"none\"} -->\n<figure class=\"wp-block-image size-large\"><img src=\"https:\/\/relaunch.obs-westerstede.de\/wp-content\/uploads\/2025\/11\/MG_0228k-1024x683.jpg\" alt=\"\" class=\"wp-image-60\"\/><\/figure>\n<!-- \/wp:image -->\n\n<!-- wp:image {\"id\":65,\"sizeSlug\":\"large\",\"linkDestination\":\"none\"} -->\n<figure class=\"wp-block-image size-large\"><img src=\"https:\/\/relaunch.obs-westerstede.de\/wp-content\/uploads\/2025\/11\/MG_0232k-1024x683.jpg\" alt=\"\" class=\"wp-image-65\"\/><\/figure>\n<!-- \/wp:image -->\n\n<!-- wp:image {\"id\":63,\"sizeSlug\":\"large\",\"linkDestination\":\"none\"} -->\n<figure class=\"wp-block-image size-large\"><img src=\"https:\/\/relaunch.obs-westerstede.de\/wp-content\/uploads\/2025\/11\/MG_0256k-1024x683.jpg\" alt=\"\" class=\"wp-image-63\"\/><\/figure>\n<!-- \/wp:image -->\n\n<!-- wp:image {\"id\":56,\"sizeSlug\":\"large\",\"linkDestination\":\"none\"} -->\n<figure class=\"wp-block-image size-large\"><img src=\"https:\/\/relaunch.obs-westerstede.de\/wp-content\/uploads\/2025\/11\/MG_0266k-1024x683.jpg\" alt=\"\" class=\"wp-image-56\"\/><\/figure>\n<!-- \/wp:image -->\n\n<!-- wp:image {\"id\":58,\"sizeSlug\":\"large\",\"linkDestination\":\"none\"} -->\n<figure class=\"wp-block-image size-large\"><img src=\"https:\/\/relaunch.obs-westerstede.de\/wp-content\/uploads\/2025\/11\/MG_0305k-1024x683.jpg\" alt=\"\" class=\"wp-image-58\"\/><\/figure>\n<!-- \/wp:image -->\n\n<!-- wp:image {\"id\":57,\"sizeSlug\":\"large\",\"linkDestination\":\"none\"} -->\n<figure class=\"wp-block-image size-large\"><img src=\"https:\/\/relaunch.obs-westerstede.de\/wp-content\/uploads\/2025\/11\/MG_0338k-1024x683.jpg\" alt=\"\" class=\"wp-image-57\"\/><\/figure>\n<!-- \/wp:image -->\n\n<!-- wp:image {\"id\":61,\"sizeSlug\":\"large\",\"linkDestination\":\"none\"} -->\n<figure class=\"wp-block-image size-large\"><img src=\"https:\/\/relaunch.obs-westerstede.de\/wp-content\/uploads\/2025\/11\/MG_0361k-1024x683.jpg\" alt=\"\" class=\"wp-image-61\"\/><\/figure>\n<!-- \/wp:image -->\n\n<!-- wp:image {\"id\":62,\"sizeSlug\":\"large\",\"linkDestination\":\"none\"} -->\n<figure class=\"wp-block-image size-large\"><img src=\"https:\/\/relaunch.obs-westerstede.de\/wp-content\/uploads\/2025\/11\/MG_0403k-1024x683.jpg\" alt=\"\" class=\"wp-image-62\"\/><\/figure>\n<!-- \/wp:image -->\n\n<!-- wp:image {\"id\":59,\"sizeSlug\":\"large\",\"linkDestination\":\"none\"} -->\n<figure class=\"wp-block-image size-large\"><img src=\"https:\/\/relaunch.obs-westerstede.de\/wp-content\/uploads\/2025\/11\/IMG_2998k-1024x683.jpg\" alt=\"\" class=\"wp-image-59\"\/><\/figure>\n<!-- \/wp:image -->\n\n<!-- wp:image {\"id\":64,\"sizeSlug\":\"large\",\"linkDestination\":\"none\"} -->\n<figure class=\"wp-block-image size-large\"><img src=\"https:\/\/relaunch.obs-westerstede.de\/wp-content\/uploads\/2025\/11\/IMG_3002k-1024x683.jpg\" alt=\"\" class=\"wp-image-64\"\/><\/figure>\n<!-- \/wp:image --><\/figure>\n<!-- \/wp:gallery -->","_et_gb_content_width":"","footnotes":""},"class_list":["post-54","page","type-page","status-publish","hentry"],"_links":{"self":[{"href":"https:\/\/relaunch.obs-westerstede.de\/index.php\/wp-json\/wp\/v2\/pages\/54","targetHints":{"allow":["GET"]}}],"collection":[{"href":"https:\/\/relaunch.obs-westerstede.de\/index.php\/wp-json\/wp\/v2\/pages"}],"about":[{"href":"https:\/\/relaunch.obs-westerstede.de\/index.php\/wp-json\/wp\/v2\/types\/page"}],"author":[{"embeddable":true,"href":"https:\/\/relaunch.obs-westerstede.de\/index.php\/wp-json\/wp\/v2\/users\/3"}],"replies":[{"embeddable":true,"href":"https:\/\/relaunch.obs-westerstede.de\/index.php\/wp-json\/wp\/v2\/comments?post=54"}],"version-history":[{"count":9,"href":"https:\/\/relaunch.obs-westerstede.de\/index.php\/wp-json\/wp\/v2\/pages\/54\/revisions"}],"predecessor-version":[{"id":405,"href":"https:\/\/relaunch.obs-westerstede.de\/index.php\/wp-json\/wp\/v2\/pages\/54\/revisions\/405"}],"wp:attachment":[{"href":"https:\/\/relaunch.obs-westerstede.de\/index.php\/wp-json\/wp\/v2\/media?parent=54"}],"curies":[{"name":"wp","href":"https:\/\/api.w.org\/{rel}","templated":true}]}}